{"id":4891,"date":"2023-01-21T10:52:13","date_gmt":"2023-01-21T10:52:13","guid":{"rendered":"https:\/\/abrashcabinetdentaire.lu\/ortodontia\/"},"modified":"2023-05-02T21:00:12","modified_gmt":"2023-05-02T21:00:12","slug":"ortodontia","status":"publish","type":"page","link":"https:\/\/abrashcabinetdentaire.lu\/pt-pt\/ortodontia\/","title":{"rendered":"Ortodontia"},"content":{"rendered":"<div id=\"pl-4891\"  class=\"panel-layout\" ><div id=\"pg-4891-0\"  class=\"panel-grid panel-has-style\" ><div class=\"aos-init horizontal_right orion-parallax siteorigin-panels-stretch orion-separator bottom-svg-7 bottom-svg-inside hide_separators_mobile divider-notresponsive divider-no-animation tablet-1-in-row mobile-1-in-row desktop-default text-light bg-c2 panel-row-style panel-row-style-for-4891-0\" data-aos=\"fade\" data-aos-duration=\"900\" data-aos-easing=\"linear\" data-aos-anchor-placement=\"top-bottom\" data-aos-once=\"true\" data-stretch-type=\"full\" data-svg-bottom-color=\"#f8f8f8\" data-svg-top-color=\"#f8f8f8\" ><div id=\"pgc-4891-0-0\"  class=\"panel-grid-cell\" ><div id=\"panel-4891-0-0-0\" class=\"so-panel widget widget_orion_heading_w panel-first-child\" data-index=\"0\" ><div class=\"orion custom mobile-text-center tablets-text-center default panel-widget-style panel-widget-style-for-4891-0-0-0\" ><div\n\t\t\t\n\t\t\tclass=\"so-widget-orion_heading_w so-widget-orion_heading_w-base\"\n\t\t\t\n\t\t> \r\n\t\t\t<div class=\"row orion-heading\" style=\"margin-bottom:0px;\">\r\n\t\t<div class=\"col-md-12  separator-style-2 text-left style-h1 style-text-light\">\r\n\t\t\t<h1 class=\"text-light\">\r\n\t\t\t\tOrtodontia\t\t\t<\/h1>\r\n\t\t<\/div>\r\n\t<\/div>\r\n\r\n\t<\/div><\/div><\/div><div id=\"panel-4891-0-0-1\" class=\"so-panel widget widget_orion_heading_w\" data-index=\"1\" ><div class=\"orion custom mobile-text-center tablets-text-center default panel-widget-style panel-widget-style-for-4891-0-0-1\" ><div\n\t\t\t\n\t\t\tclass=\"so-widget-orion_heading_w so-widget-orion_heading_w-base\"\n\t\t\t\n\t\t> \r\n\t\t\t<div class=\"row orion-heading\" style=\"margin-bottom:0px;\">\r\n\t\t<div class=\"col-md-12   text-left style-h5 style-text-light\">\r\n\t\t\t<h5 class=\"text-light\">\r\n\t\t\t\tNo caso de m\u00e1s oclus\u00f5es dent\u00e1rias, ou a necessidade de melhorar a est\u00e9tica dent\u00e1ria, devido a m\u00e1 posi\u00e7\u00e3o, temos o sistema Invisalign ou a ortodontia convencional.\t\t\t<\/h5>\r\n\t\t<\/div>\r\n\t<\/div>\r\n\r\n\t<\/div><\/div><\/div><div id=\"panel-4891-0-0-2\" class=\"so-panel widget widget_orion_empty_space_w\" data-index=\"2\" ><div class=\"orion custom default panel-widget-style panel-widget-style-for-4891-0-0-2\" ><div\n\t\t\t\n\t\t\tclass=\"so-widget-orion_empty_space_w so-widget-orion_empty_space_w-base\"\n\t\t\t\n\t\t>\t<div class=\"row empty-space visible-lg visible-md visible-sm visible-xs\" style=\"height:20px;\">\r\n\t<\/div><\/div><\/div><\/div><div id=\"panel-4891-0-0-3\" class=\"so-panel widget widget_orion_button_w\" data-index=\"3\" ><div class=\"orion custom mobile-text-center tablets-text-center default panel-widget-style panel-widget-style-for-4891-0-0-3\" ><div\n\t\t\t\n\t\t\tclass=\"so-widget-orion_button_w so-widget-orion_button_w-base\"\n\t\t\t\n\t\t>\r\n\t\t\t<a class=\"btn btn-white btn-wire btn-md\"  href=\"https:\/\/abrashcabinetdentaire.lu\/informations-pratiques\/\"\r\n\t\t\t   \t\t>\r\n\t\t\tMarcar consulta\t\t\r\n\t\t<\/a>\r\n\t\r\n<\/div><\/div><\/div><div id=\"panel-4891-0-0-4\" class=\"so-panel widget widget_orion_empty_space_w panel-last-child\" data-index=\"4\" ><div class=\"orion default panel-widget-style panel-widget-style-for-4891-0-0-4\" ><div\n\t\t\t\n\t\t\tclass=\"so-widget-orion_empty_space_w so-widget-orion_empty_space_w-base\"\n\t\t\t\n\t\t>\t<div class=\"row empty-space visible-sm visible-xs\" style=\"height:36px;\">\r\n\t<\/div><\/div><\/div><\/div><\/div><div id=\"pgc-4891-0-1\"  class=\"panel-grid-cell\" ><div id=\"panel-4891-0-1-0\" class=\"so-panel widget widget_orion_image_w panel-first-child panel-last-child\" data-index=\"5\" ><div class=\"aos-init orion custom mobile-text-center default panel-widget-style panel-widget-style-for-4891-0-1-0\" data-aos=\"zoom-in\" data-aos-duration=\"600\" data-aos-easing=\"linear\" data-aos-delay=\"300\" data-aos-anchor-placement=\"top-bottom\" data-aos-once=\"true\" ><div\n\t\t\t\n\t\t\tclass=\"so-widget-orion_image_w so-widget-orion_image_w-base\"\n\t\t\t\n\t\t>\r\n<div class=\"image-w relative  img-frame shadow-4\">\r\n\r\n\t\t\t\t\t\t\t<div class=\"orion_square overlay-none overlay-hover-none\">\r\n\t\t\r\n\t\t\t\t\t<img fetchpriority=\"high\" decoding=\"async\" width=\"750\" height=\"750\" src=\"https:\/\/abrashcabinetdentaire.lu\/wp-content\/uploads\/2023\/01\/Ortodoncia-Invisalign-3-750x750.png\" class=\"attachment-orion_square size-orion_square\" alt=\"\" \/>\t\t\t<div class=\"overlay\"><\/div>\r\n\t\t\r\n\t\t\t\t\t<\/div>\r\n\t\t\t\r\n\t\r\n\t<div class=\"absolute\">\r\n\t\t<div class=\"hover-desc table-wrap\">\r\n\t\t\t<div class=\"cell-wrap\">\r\n\t\t\t\t<h4 class=\"text-light\"><\/h4>\r\n\t\t\t<\/div>\r\n\t\t<\/div>\r\n\t<\/div>\t\t\t\t\t\r\n<\/div>\r\n\r\n<\/div><\/div><\/div><\/div><\/div><\/div><div id=\"pg-4891-1\"  class=\"panel-grid panel-has-style\" ><div class=\"siteorigin-panels-stretch divider-no-animation tablet-default mobile-1-in-row desktop-default custom panel-row-style panel-row-style-for-4891-1\" data-stretch-type=\"full\" ><div id=\"pgc-4891-1-0\"  class=\"panel-grid-cell\" ><div class=\"custom panel-cell-style panel-cell-style-for-4891-1-0\" ><div id=\"panel-4891-1-0-0\" class=\"so-panel widget widget_siteorigin-panels-builder panel-first-child panel-last-child\" data-index=\"6\" ><div class=\"orion bg-altsitebg default panel-widget-style panel-widget-style-for-4891-1-0-0\" ><div id=\"pl-w63f798b015f4f\"  class=\"panel-layout\" ><div id=\"pg-w63f798b015f4f-0\"  class=\"panel-grid panel-has-style\" ><div class=\"siteorigin-panels-stretch divider-no-animation tablet-1-in-row mobile-1-in-row desktop-default text-dark bg-altsitebg panel-row-style panel-row-style-for-w63f798b015f4f-0\" data-stretch-type=\"full\" data-svg-bottom-color=\"#ffffff\" data-svg-top-color=\"#f8f8f8\" ><div id=\"pgc-w63f798b015f4f-0-0\"  class=\"panel-grid-cell\" ><div id=\"panel-w63f798b015f4f-0-0-0\" class=\"so-panel widget widget_orion_heading_w panel-first-child panel-last-child\" data-index=\"0\" ><div class=\"orion custom default panel-widget-style panel-widget-style-for-w63f798b015f4f-0-0-0\" ><div\n\t\t\t\n\t\t\tclass=\"so-widget-orion_heading_w so-widget-orion_heading_w-base\"\n\t\t\t\n\t\t> \r\n\t\t\t<div class=\"row orion-heading\" style=\"margin-bottom:0px;\">\r\n\t\t<div class=\"col-md-12  separator-style-2 text-center style-h2 style-text-dark\">\r\n\t\t\t<h2 class=\"text-dark\">\r\n\t\t\t\tTratamentos de ortodontia\t\t\t<\/h2>\r\n\t\t<\/div>\r\n\t<\/div>\r\n\r\n\t<\/div><\/div><\/div><\/div><\/div><\/div><\/div><\/div><\/div><\/div><\/div><\/div><\/div><div id=\"pg-4891-2\"  class=\"panel-grid panel-has-style\" ><div class=\"siteorigin-panels-stretch divider-no-animation tablet-default mobile-default desktop-default custom panel-row-style panel-row-style-for-4891-2\" data-stretch-type=\"full\" ><div id=\"pgc-4891-2-0\"  class=\"panel-grid-cell\" ><div class=\"custom panel-cell-style panel-cell-style-for-4891-2-0\" ><div id=\"panel-4891-2-0-0\" class=\"so-panel widget widget_orion_image_w panel-first-child\" data-index=\"7\" ><div class=\"aos-init orion custom default panel-widget-style panel-widget-style-for-4891-2-0-0\" data-aos=\"zoom-in\" data-aos-duration=\"600\" data-aos-easing=\"linear\" data-aos-delay=\"300\" data-aos-anchor-placement=\"top-bottom\" data-aos-once=\"true\" ><div\n\t\t\t\n\t\t\tclass=\"so-widget-orion_image_w so-widget-orion_image_w-base\"\n\t\t\t\n\t\t>\r\n<div class=\"image-w relative  shadow-4\">\r\n\r\n\t\t\t\t\t\t\t<div class=\"orion_carousel overlay-none overlay-hover-none\">\r\n\t\t\r\n\t\t\t\t\t<img decoding=\"async\" width=\"750\" height=\"500\" src=\"https:\/\/abrashcabinetdentaire.lu\/wp-content\/uploads\/2023\/01\/invisalign-smile-750x500.jpeg\" class=\"attachment-orion_carousel size-orion_carousel\" alt=\"\" \/>\t\t\t<div class=\"overlay\"><\/div>\r\n\t\t\r\n\t\t\t\t\t<\/div>\r\n\t\t\t\r\n\t\r\n\t<div class=\"absolute\">\r\n\t\t<div class=\"hover-desc table-wrap\">\r\n\t\t\t<div class=\"cell-wrap\">\r\n\t\t\t\t<h4 class=\"text-light\"><\/h4>\r\n\t\t\t<\/div>\r\n\t\t<\/div>\r\n\t<\/div>\t\t\t\t\t\r\n<\/div>\r\n\r\n<\/div><\/div><\/div><div id=\"panel-4891-2-0-1\" class=\"so-panel widget widget_orion_empty_space_w panel-last-child\" data-index=\"8\" ><div class=\"orion custom default panel-widget-style panel-widget-style-for-4891-2-0-1\" ><div\n\t\t\t\n\t\t\tclass=\"so-widget-orion_empty_space_w so-widget-orion_empty_space_w-base\"\n\t\t\t\n\t\t>\t<div class=\"row empty-space visible-lg visible-md visible-sm visible-xs\" style=\"height:24px;\">\r\n\t<\/div><\/div><\/div><\/div><\/div><\/div><div id=\"pgc-4891-2-1\"  class=\"panel-grid-cell\" ><div class=\"custom panel-cell-style panel-cell-style-for-4891-2-1\" ><div id=\"panel-4891-2-1-0\" class=\"so-panel widget widget_orion_heading_w panel-first-child\" data-index=\"9\" ><div class=\"orion custom default panel-widget-style panel-widget-style-for-4891-2-1-0\" ><div\n\t\t\t\n\t\t\tclass=\"so-widget-orion_heading_w so-widget-orion_heading_w-base\"\n\t\t\t\n\t\t> \r\n\t\t\t<div class=\"row orion-heading\" style=\"margin-bottom:0px;\">\r\n\t\t<div class=\"col-md-12  separator-style-2 text-left style-h3 style-text-dark\">\r\n\t\t\t<h3 class=\"text-dark\">\r\n\t\t\t\tOrtodontia Invisalign\t\t\t<\/h3>\r\n\t\t<\/div>\r\n\t<\/div>\r\n\r\n\t<\/div><\/div><\/div><div id=\"panel-4891-2-1-1\" class=\"so-panel widget widget_sow-editor panel-last-child\" data-index=\"10\" ><div class=\"orion custom default panel-widget-style panel-widget-style-for-4891-2-1-1\" ><div\n\t\t\t\n\t\t\tclass=\"so-widget-sow-editor so-widget-sow-editor-base\"\n\t\t\t\n\t\t>\n<div class=\"siteorigin-widget-tinymce textwidget\">\n\t<div><span lang=\"FR\">T\u00e9cnica de <strong>ortodoncia invis\u00edvel que alinha os dentes e melhora os sorrisos dos pacientes atrav\u00e9s da utiliza\u00e7\u00e3o de alinhadores transparentes<\/strong>, feitos \u00e0 medida que movem gradualmente os dentes para a posi\u00e7\u00e3o correta.<\/span><\/div>\n<\/div>\n<\/div><\/div><\/div><\/div><\/div><\/div><\/div><div id=\"pg-4891-3\"  class=\"panel-grid panel-has-style\" ><div class=\"siteorigin-panels-stretch divider-no-animation tablet-default mobile-default desktop-default custom panel-row-style panel-row-style-for-4891-3\" data-stretch-type=\"full\" ><div id=\"pgc-4891-3-0\"  class=\"panel-grid-cell\" ><div class=\"custom panel-cell-style panel-cell-style-for-4891-3-0\" ><div id=\"panel-4891-3-0-0\" class=\"so-panel widget widget_orion_heading_w panel-first-child\" data-index=\"11\" ><div class=\"orion custom default panel-widget-style panel-widget-style-for-4891-3-0-0\" ><div\n\t\t\t\n\t\t\tclass=\"so-widget-orion_heading_w so-widget-orion_heading_w-base\"\n\t\t\t\n\t\t> \r\n\t\t\t<div class=\"row orion-heading\" style=\"margin-bottom:0px;\">\r\n\t\t<div class=\"col-md-12  separator-style-2 text-left style-h3 style-text-dark\">\r\n\t\t\t<h3 class=\"text-dark\">\r\n\t\t\t\tOrtodoncia convencional\t\t\t<\/h3>\r\n\t\t<\/div>\r\n\t<\/div>\r\n\r\n\t<\/div><\/div><\/div><div id=\"panel-4891-3-0-1\" class=\"so-panel widget widget_sow-editor panel-last-child\" data-index=\"12\" ><div class=\"orion custom default panel-widget-style panel-widget-style-for-4891-3-0-1\" ><div\n\t\t\t\n\t\t\tclass=\"so-widget-sow-editor so-widget-sow-editor-base\"\n\t\t\t\n\t\t>\n<div class=\"siteorigin-widget-tinymce textwidget\">\n\t<div><span lang=\"FR\">Tratamento dent\u00e1rio para corrigir irregularidades na posi\u00e7\u00e3o dos dentes, utilizando v\u00e1rias t\u00e9cnicas, incluindo aparelhos, tais como os brackets.<\/span><\/div>\n<\/div>\n<\/div><\/div><\/div><\/div><\/div><div id=\"pgc-4891-3-1\"  class=\"panel-grid-cell\" ><div class=\"clear panel-cell-style panel-cell-style-for-4891-3-1\" ><div id=\"panel-4891-3-1-0\" class=\"so-panel widget widget_orion_empty_space_w panel-first-child\" data-index=\"13\" ><div class=\"orion custom default panel-widget-style panel-widget-style-for-4891-3-1-0\" ><div\n\t\t\t\n\t\t\tclass=\"so-widget-orion_empty_space_w so-widget-orion_empty_space_w-base\"\n\t\t\t\n\t\t>\t<div class=\"row empty-space visible-sm visible-xs\" style=\"height:24px;\">\r\n\t<\/div><\/div><\/div><\/div><div id=\"panel-4891-3-1-1\" class=\"so-panel widget widget_orion_image_w\" data-index=\"14\" ><div class=\"aos-init orion clear default panel-widget-style panel-widget-style-for-4891-3-1-1\" data-aos=\"zoom-in\" data-aos-duration=\"600\" data-aos-easing=\"linear\" data-aos-delay=\"300\" data-aos-anchor-placement=\"top-bottom\" data-aos-once=\"true\" ><div\n\t\t\t\n\t\t\tclass=\"so-widget-orion_image_w so-widget-orion_image_w-base\"\n\t\t\t\n\t\t>\r\n<div class=\"image-w relative\">\r\n\r\n\t\t\t\t\t\t\t<div class=\" overlay-none overlay-hover-none\">\r\n\t\t\r\n\t\t\t\t\t<img decoding=\"async\" width=\"1080\" height=\"329\" src=\"https:\/\/abrashcabinetdentaire.lu\/wp-content\/uploads\/2023\/01\/Ortodoncia-2-e1674772626430.png\" class=\"attachment- size-\" alt=\"\" \/>\t\t\t<div class=\"overlay\"><\/div>\r\n\t\t\r\n\t\t\t\t\t<\/div>\r\n\t\t\t\r\n\t\r\n\t<div class=\"absolute\">\r\n\t\t<div class=\"hover-desc table-wrap\">\r\n\t\t\t<div class=\"cell-wrap\">\r\n\t\t\t\t<h4 class=\"text-light\"><\/h4>\r\n\t\t\t<\/div>\r\n\t\t<\/div>\r\n\t<\/div>\t\t\t\t\t\r\n<\/div>\r\n\r\n<\/div><\/div><\/div><div id=\"panel-4891-3-1-2\" class=\"so-panel widget widget_orion_empty_space_w panel-last-child\" data-index=\"15\" ><div class=\"orion custom default panel-widget-style panel-widget-style-for-4891-3-1-2\" ><div\n\t\t\t\n\t\t\tclass=\"so-widget-orion_empty_space_w so-widget-orion_empty_space_w-base\"\n\t\t\t\n\t\t>\t<div class=\"row empty-space visible-lg visible-md visible-sm visible-xs\" style=\"height:24px;\">\r\n\t<\/div><\/div><\/div><\/div><\/div><\/div><\/div><\/div><div id=\"pg-4891-4\"  class=\"panel-grid panel-has-style\" ><div class=\"siteorigin-panels-stretch divider-no-animation tablet-default mobile-default desktop-default custom panel-row-style panel-row-style-for-4891-4\" data-stretch-type=\"full\" ><div id=\"pgc-4891-4-0\"  class=\"panel-grid-cell\" ><div id=\"panel-4891-4-0-0\" class=\"so-panel widget widget_orion_empty_space_w panel-first-child panel-last-child\" data-index=\"16\" ><div class=\"orion custom default panel-widget-style panel-widget-style-for-4891-4-0-0\" ><div\n\t\t\t\n\t\t\tclass=\"so-widget-orion_empty_space_w so-widget-orion_empty_space_w-base\"\n\t\t\t\n\t\t>\t<div class=\"row empty-space visible-lg visible-md visible-sm visible-xs\" style=\"height:30px;\">\r\n\t<\/div><\/div><\/div><\/div><\/div><\/div><\/div><\/div>","protected":false},"excerpt":{"rendered":"<p>Ortodontia No caso de m\u00e1s oclus\u00f5es dent\u00e1rias, ou a necessidade de melhorar a est\u00e9tica dent\u00e1ria, devido a m\u00e1 posi\u00e7\u00e3o, temos o sistema Invisalign ou a ortodontia convencional. Marcar consulta Tratamentos de ortodontia Ortodontia Invisalign T\u00e9cnica de ortodoncia invis\u00edvel que alinha os dentes e melhora os sorrisos dos pacientes atrav\u00e9s da utiliza\u00e7\u00e3o de alinhadores transparentes, feitos<\/p>\n","protected":false},"author":1,"featured_media":4518,"parent":0,"menu_order":0,"comment_status":"closed","ping_status":"closed","template":"","meta":{"footnotes":""},"class_list":["post-4891","page","type-page","status-publish","has-post-thumbnail","hentry"],"yoast_head":"<!-- This site is optimized with the Yoast SEO plugin v26.3 - https:\/\/yoast.com\/wordpress\/plugins\/seo\/ -->\n<title>Ortodontia | Cl\u00ednica Dent\u00e1ria Susana Abrash<\/title>\n<meta name=\"description\" content=\"Ortodontia. Especialista na ortodontia Invisalign.\" \/>\n<meta name=\"robots\" content=\"index, follow, max-snippet:-1, max-image-preview:large, max-video-preview:-1\" \/>\n<link rel=\"canonical\" href=\"https:\/\/abrashcabinetdentaire.lu\/pt-pt\/ortodontia\/\" \/>\n<meta property=\"og:locale\" content=\"pt_PT\" \/>\n<meta property=\"og:type\" content=\"article\" \/>\n<meta property=\"og:title\" content=\"Ortodontia | Cl\u00ednica Dent\u00e1ria Susana Abrash\" \/>\n<meta property=\"og:description\" content=\"Ortodontia. Especialista na ortodontia Invisalign.\" \/>\n<meta property=\"og:url\" content=\"https:\/\/abrashcabinetdentaire.lu\/pt-pt\/ortodontia\/\" \/>\n<meta property=\"og:site_name\" content=\"Cl\u00ednica Dent\u00e1ria Susana Abrash\" \/>\n<meta property=\"article:publisher\" content=\"https:\/\/www.facebook.com\/abrashcabinetdentaire\/\" \/>\n<meta property=\"article:modified_time\" content=\"2023-05-02T21:00:12+00:00\" \/>\n<meta property=\"og:image\" content=\"https:\/\/abrashcabinetdentaire.lu\/wp-content\/uploads\/2023\/01\/Ortodoncia-Invisalign-2-e1674385833711.png\" \/>\n\t<meta property=\"og:image:width\" content=\"2604\" \/>\n\t<meta property=\"og:image:height\" content=\"1520\" \/>\n\t<meta property=\"og:image:type\" content=\"image\/png\" \/>\n<meta name=\"twitter:card\" content=\"summary_large_image\" \/>\n<meta name=\"twitter:label1\" content=\"Tempo estimado de leitura\" \/>\n\t<meta name=\"twitter:data1\" content=\"1 minuto\" \/>\n<script type=\"application\/ld+json\" class=\"yoast-schema-graph\">{\"@context\":\"https:\/\/schema.org\",\"@graph\":[{\"@type\":\"WebPage\",\"@id\":\"https:\/\/abrashcabinetdentaire.lu\/pt-pt\/ortodontia\/\",\"url\":\"https:\/\/abrashcabinetdentaire.lu\/pt-pt\/ortodontia\/\",\"name\":\"Ortodontia | Cl\u00ednica Dent\u00e1ria Susana Abrash\",\"isPartOf\":{\"@id\":\"https:\/\/abrashcabinetdentaire.lu\/pt-pt\/#website\"},\"primaryImageOfPage\":{\"@id\":\"https:\/\/abrashcabinetdentaire.lu\/pt-pt\/ortodontia\/#primaryimage\"},\"image\":{\"@id\":\"https:\/\/abrashcabinetdentaire.lu\/pt-pt\/ortodontia\/#primaryimage\"},\"thumbnailUrl\":\"https:\/\/abrashcabinetdentaire.lu\/wp-content\/uploads\/2023\/01\/Ortodoncia-Invisalign-2-e1674385833711.png\",\"datePublished\":\"2023-01-21T10:52:13+00:00\",\"dateModified\":\"2023-05-02T21:00:12+00:00\",\"description\":\"Ortodontia. Especialista na ortodontia Invisalign.\",\"breadcrumb\":{\"@id\":\"https:\/\/abrashcabinetdentaire.lu\/pt-pt\/ortodontia\/#breadcrumb\"},\"inLanguage\":\"pt-PT\",\"potentialAction\":[{\"@type\":\"ReadAction\",\"target\":[\"https:\/\/abrashcabinetdentaire.lu\/pt-pt\/ortodontia\/\"]}]},{\"@type\":\"ImageObject\",\"inLanguage\":\"pt-PT\",\"@id\":\"https:\/\/abrashcabinetdentaire.lu\/pt-pt\/ortodontia\/#primaryimage\",\"url\":\"https:\/\/abrashcabinetdentaire.lu\/wp-content\/uploads\/2023\/01\/Ortodoncia-Invisalign-2-e1674385833711.png\",\"contentUrl\":\"https:\/\/abrashcabinetdentaire.lu\/wp-content\/uploads\/2023\/01\/Ortodoncia-Invisalign-2-e1674385833711.png\",\"width\":2604,\"height\":1520},{\"@type\":\"BreadcrumbList\",\"@id\":\"https:\/\/abrashcabinetdentaire.lu\/pt-pt\/ortodontia\/#breadcrumb\",\"itemListElement\":[{\"@type\":\"ListItem\",\"position\":1,\"name\":\"Accueil\",\"item\":\"https:\/\/abrashcabinetdentaire.lu\/pt-pt\/\"},{\"@type\":\"ListItem\",\"position\":2,\"name\":\"Ortodontia\"}]},{\"@type\":\"WebSite\",\"@id\":\"https:\/\/abrashcabinetdentaire.lu\/pt-pt\/#website\",\"url\":\"https:\/\/abrashcabinetdentaire.lu\/pt-pt\/\",\"name\":\"Cl\u00ednica Dent\u00e1ria Susana Abrash\",\"description\":\"Servi\u00e7os dent\u00e1rios no Luxemburgo\",\"publisher\":{\"@id\":\"https:\/\/abrashcabinetdentaire.lu\/pt-pt\/#organization\"},\"potentialAction\":[{\"@type\":\"SearchAction\",\"target\":{\"@type\":\"EntryPoint\",\"urlTemplate\":\"https:\/\/abrashcabinetdentaire.lu\/pt-pt\/?s={search_term_string}\"},\"query-input\":{\"@type\":\"PropertyValueSpecification\",\"valueRequired\":true,\"valueName\":\"search_term_string\"}}],\"inLanguage\":\"pt-PT\"},{\"@type\":\"Organization\",\"@id\":\"https:\/\/abrashcabinetdentaire.lu\/pt-pt\/#organization\",\"name\":\"Cabinet Dentaire Susana Abrash\",\"url\":\"https:\/\/abrashcabinetdentaire.lu\/pt-pt\/\",\"logo\":{\"@type\":\"ImageObject\",\"inLanguage\":\"pt-PT\",\"@id\":\"https:\/\/abrashcabinetdentaire.lu\/pt-pt\/#\/schema\/logo\/image\/\",\"url\":\"https:\/\/abrashcabinetdentaire.lu\/wp-content\/uploads\/2022\/10\/abrash-logo-vertical.png\",\"contentUrl\":\"https:\/\/abrashcabinetdentaire.lu\/wp-content\/uploads\/2022\/10\/abrash-logo-vertical.png\",\"width\":1007,\"height\":1086,\"caption\":\"Cabinet Dentaire Susana Abrash\"},\"image\":{\"@id\":\"https:\/\/abrashcabinetdentaire.lu\/pt-pt\/#\/schema\/logo\/image\/\"},\"sameAs\":[\"https:\/\/www.facebook.com\/abrashcabinetdentaire\/\",\"https:\/\/www.instagram.com\/abrashcabinetdentaire\/\"]}]}<\/script>\n<!-- \/ Yoast SEO plugin. -->","yoast_head_json":{"title":"Ortodontia | Cl\u00ednica Dent\u00e1ria Susana Abrash","description":"Ortodontia. Especialista na ortodontia Invisalign.","robots":{"index":"index","follow":"follow","max-snippet":"max-snippet:-1","max-image-preview":"max-image-preview:large","max-video-preview":"max-video-preview:-1"},"canonical":"https:\/\/abrashcabinetdentaire.lu\/pt-pt\/ortodontia\/","og_locale":"pt_PT","og_type":"article","og_title":"Ortodontia | Cl\u00ednica Dent\u00e1ria Susana Abrash","og_description":"Ortodontia. Especialista na ortodontia Invisalign.","og_url":"https:\/\/abrashcabinetdentaire.lu\/pt-pt\/ortodontia\/","og_site_name":"Cl\u00ednica Dent\u00e1ria Susana Abrash","article_publisher":"https:\/\/www.facebook.com\/abrashcabinetdentaire\/","article_modified_time":"2023-05-02T21:00:12+00:00","og_image":[{"width":2604,"height":1520,"url":"https:\/\/abrashcabinetdentaire.lu\/wp-content\/uploads\/2023\/01\/Ortodoncia-Invisalign-2-e1674385833711.png","type":"image\/png"}],"twitter_card":"summary_large_image","twitter_misc":{"Tempo estimado de leitura":"1 minuto"},"schema":{"@context":"https:\/\/schema.org","@graph":[{"@type":"WebPage","@id":"https:\/\/abrashcabinetdentaire.lu\/pt-pt\/ortodontia\/","url":"https:\/\/abrashcabinetdentaire.lu\/pt-pt\/ortodontia\/","name":"Ortodontia | Cl\u00ednica Dent\u00e1ria Susana Abrash","isPartOf":{"@id":"https:\/\/abrashcabinetdentaire.lu\/pt-pt\/#website"},"primaryImageOfPage":{"@id":"https:\/\/abrashcabinetdentaire.lu\/pt-pt\/ortodontia\/#primaryimage"},"image":{"@id":"https:\/\/abrashcabinetdentaire.lu\/pt-pt\/ortodontia\/#primaryimage"},"thumbnailUrl":"https:\/\/abrashcabinetdentaire.lu\/wp-content\/uploads\/2023\/01\/Ortodoncia-Invisalign-2-e1674385833711.png","datePublished":"2023-01-21T10:52:13+00:00","dateModified":"2023-05-02T21:00:12+00:00","description":"Ortodontia. Especialista na ortodontia Invisalign.","breadcrumb":{"@id":"https:\/\/abrashcabinetdentaire.lu\/pt-pt\/ortodontia\/#breadcrumb"},"inLanguage":"pt-PT","potentialAction":[{"@type":"ReadAction","target":["https:\/\/abrashcabinetdentaire.lu\/pt-pt\/ortodontia\/"]}]},{"@type":"ImageObject","inLanguage":"pt-PT","@id":"https:\/\/abrashcabinetdentaire.lu\/pt-pt\/ortodontia\/#primaryimage","url":"https:\/\/abrashcabinetdentaire.lu\/wp-content\/uploads\/2023\/01\/Ortodoncia-Invisalign-2-e1674385833711.png","contentUrl":"https:\/\/abrashcabinetdentaire.lu\/wp-content\/uploads\/2023\/01\/Ortodoncia-Invisalign-2-e1674385833711.png","width":2604,"height":1520},{"@type":"BreadcrumbList","@id":"https:\/\/abrashcabinetdentaire.lu\/pt-pt\/ortodontia\/#breadcrumb","itemListElement":[{"@type":"ListItem","position":1,"name":"Accueil","item":"https:\/\/abrashcabinetdentaire.lu\/pt-pt\/"},{"@type":"ListItem","position":2,"name":"Ortodontia"}]},{"@type":"WebSite","@id":"https:\/\/abrashcabinetdentaire.lu\/pt-pt\/#website","url":"https:\/\/abrashcabinetdentaire.lu\/pt-pt\/","name":"Cl\u00ednica Dent\u00e1ria Susana Abrash","description":"Servi\u00e7os dent\u00e1rios no Luxemburgo","publisher":{"@id":"https:\/\/abrashcabinetdentaire.lu\/pt-pt\/#organization"},"potentialAction":[{"@type":"SearchAction","target":{"@type":"EntryPoint","urlTemplate":"https:\/\/abrashcabinetdentaire.lu\/pt-pt\/?s={search_term_string}"},"query-input":{"@type":"PropertyValueSpecification","valueRequired":true,"valueName":"search_term_string"}}],"inLanguage":"pt-PT"},{"@type":"Organization","@id":"https:\/\/abrashcabinetdentaire.lu\/pt-pt\/#organization","name":"Cabinet Dentaire Susana Abrash","url":"https:\/\/abrashcabinetdentaire.lu\/pt-pt\/","logo":{"@type":"ImageObject","inLanguage":"pt-PT","@id":"https:\/\/abrashcabinetdentaire.lu\/pt-pt\/#\/schema\/logo\/image\/","url":"https:\/\/abrashcabinetdentaire.lu\/wp-content\/uploads\/2022\/10\/abrash-logo-vertical.png","contentUrl":"https:\/\/abrashcabinetdentaire.lu\/wp-content\/uploads\/2022\/10\/abrash-logo-vertical.png","width":1007,"height":1086,"caption":"Cabinet Dentaire Susana Abrash"},"image":{"@id":"https:\/\/abrashcabinetdentaire.lu\/pt-pt\/#\/schema\/logo\/image\/"},"sameAs":["https:\/\/www.facebook.com\/abrashcabinetdentaire\/","https:\/\/www.instagram.com\/abrashcabinetdentaire\/"]}]}},"_links":{"self":[{"href":"https:\/\/abrashcabinetdentaire.lu\/pt-pt\/wp-json\/wp\/v2\/pages\/4891","targetHints":{"allow":["GET"]}}],"collection":[{"href":"https:\/\/abrashcabinetdentaire.lu\/pt-pt\/wp-json\/wp\/v2\/pages"}],"about":[{"href":"https:\/\/abrashcabinetdentaire.lu\/pt-pt\/wp-json\/wp\/v2\/types\/page"}],"author":[{"embeddable":true,"href":"https:\/\/abrashcabinetdentaire.lu\/pt-pt\/wp-json\/wp\/v2\/users\/1"}],"replies":[{"embeddable":true,"href":"https:\/\/abrashcabinetdentaire.lu\/pt-pt\/wp-json\/wp\/v2\/comments?post=4891"}],"version-history":[{"count":6,"href":"https:\/\/abrashcabinetdentaire.lu\/pt-pt\/wp-json\/wp\/v2\/pages\/4891\/revisions"}],"predecessor-version":[{"id":5667,"href":"https:\/\/abrashcabinetdentaire.lu\/pt-pt\/wp-json\/wp\/v2\/pages\/4891\/revisions\/5667"}],"wp:featuredmedia":[{"embeddable":true,"href":"https:\/\/abrashcabinetdentaire.lu\/pt-pt\/wp-json\/wp\/v2\/media\/4518"}],"wp:attachment":[{"href":"https:\/\/abrashcabinetdentaire.lu\/pt-pt\/wp-json\/wp\/v2\/media?parent=4891"}],"curies":[{"name":"wp","href":"https:\/\/api.w.org\/{rel}","templated":true}]}}